{"id":1438,"date":"2026-07-20T13:38:36","date_gmt":"2026-07-20T13:38:36","guid":{"rendered":"https:\/\/lvejo.org\/?page_id=1438"},"modified":"2026-08-26T16:44:56","modified_gmt":"2026-08-26T16:44:56","slug":"in-the-news","status":"publish","type":"page","link":"https:\/\/lvejo.org\/es\/get-involved\/in-the-news\/","title":{"rendered":"En las noticias"},"content":{"rendered":"<div class=\"wp-block-columns alignwide is-layout-flex wp-container-core-columns-is-layout-961c3d16 wp-block-columns-is-layout-flex\" style=\"margin-top:var(--wp--preset--spacing--50)\">\n<div class=\"wp-block-column is-vertically-aligned-center is-layout-flow wp-block-column-is-layout-flow\">\n<h3 class=\"wp-block-heading has-custom-ciel-secondario-color has-text-color has-link-color wp-elements-1\"><mark style=\"background-color:rgba(0, 0, 0, 0)\" class=\"has-inline-color has-custom-ciel-secondario-color\">Consultas de prensa y medios<\/mark><\/h3>\n\n\n\n<p class=\"has-custom-ciel-secondario-color has-text-color has-link-color wp-elements-2 wp-block-paragraph\">Para consultas de prensa, solicitudes de entrevistas o materiales para los medios, comun\u00edquese con <a href=\"mailto:comms@lvejo.org\">comms@lvejo.org<\/a>&nbsp;<\/p>\n<\/div>\n\n\n\n<div class=\"wp-block-column is-layout-flow wp-block-column-is-layout-flow\"><figure class=\"wp-block-post-featured-image\"><img loading=\"lazy\" decoding=\"async\" width=\"2400\" height=\"1601\" src=\"https:\/\/i0.wp.com\/lvejo.org\/wp-content\/uploads\/2026\/06\/JT-Resource-Fair-AnaNancy.webp?fit=2400%2C1601&amp;ssl=1\" class=\"attachment-post-thumbnail size-post-thumbnail wp-post-image\" alt=\"\" style=\"aspect-ratio:4\/3;width:100%;object-fit:cover;box-shadow:6px 6px 0px rgb(0, 0, 0);\" srcset=\"https:\/\/i0.wp.com\/lvejo.org\/wp-content\/uploads\/2026\/06\/JT-Resource-Fair-AnaNancy.webp?w=2448&amp;ssl=1 2448w, https:\/\/i0.wp.com\/lvejo.org\/wp-content\/uploads\/2026\/06\/JT-Resource-Fair-AnaNancy.webp?resize=300%2C200&amp;ssl=1 300w, https:\/\/i0.wp.com\/lvejo.org\/wp-content\/uploads\/2026\/06\/JT-Resource-Fair-AnaNancy.webp?resize=1024%2C683&amp;ssl=1 1024w, https:\/\/i0.wp.com\/lvejo.org\/wp-content\/uploads\/2026\/06\/JT-Resource-Fair-AnaNancy.webp?resize=768%2C512&amp;ssl=1 768w, https:\/\/i0.wp.com\/lvejo.org\/wp-content\/uploads\/2026\/06\/JT-Resource-Fair-AnaNancy.webp?resize=1536%2C1025&amp;ssl=1 1536w, https:\/\/i0.wp.com\/lvejo.org\/wp-content\/uploads\/2026\/06\/JT-Resource-Fair-AnaNancy.webp?resize=2048%2C1366&amp;ssl=1 2048w\" sizes=\"auto, (max-width: 1000px) 100vw, 1000px\" data-attachment-id=\"176\" data-permalink=\"https:\/\/lvejo.org\/es\/jt-resource-fair-ananancy\/\" data-orig-file=\"https:\/\/i0.wp.com\/lvejo.org\/wp-content\/uploads\/2026\/06\/JT-Resource-Fair-AnaNancy.webp?fit=2448%2C1633&amp;ssl=1\" data-orig-size=\"2448,1633\" data-comments-opened=\"1\" data-image-meta=\"{&quot;aperture&quot;:&quot;0&quot;,&quot;credit&quot;:&quot;&quot;,&quot;camera&quot;:&quot;&quot;,&quot;caption&quot;:&quot;&quot;,&quot;created_timestamp&quot;:&quot;0&quot;,&quot;copyright&quot;:&quot;&quot;,&quot;focal_length&quot;:&quot;0&quot;,&quot;iso&quot;:&quot;0&quot;,&quot;shutter_speed&quot;:&quot;0&quot;,&quot;title&quot;:&quot;&quot;,&quot;orientation&quot;:&quot;0&quot;,&quot;alt&quot;:&quot;&quot;}\" data-image-title=\"JT Resource Fair Ana+Nancy\" data-image-description=\"\" data-image-caption=\"\" data-large-file=\"https:\/\/i0.wp.com\/lvejo.org\/wp-content\/uploads\/2026\/06\/JT-Resource-Fair-AnaNancy.webp?fit=1024%2C683&amp;ssl=1\" \/><\/figure><\/div>\n<\/div>\n\n\n\n<div class=\"wp-block-group alignfull is-style-section-2 is-style-default has-custom-ciel-secondario-color has-text-color has-link-color wp-elements-3 is-content-justification-center is-layout-constrained wp-container-core-group-is-layout-bc6709c7 wp-block-group-is-layout-constrained\" style=\"margin-top:0;margin-bottom:0;padding-top:var(--wp--preset--spacing--50);padding-bottom:var(--wp--preset--spacing--30)\">\n<h2 class=\"wp-block-heading alignwide has-custom-ciel-secondario-color has-text-color has-link-color wp-elements-4 wp-container-content-958eb9dc\" style=\"padding-top:var(--wp--preset--spacing--50);padding-bottom:var(--wp--preset--spacing--50)\">En los medios<\/h2>\n\n\n\n<div class=\"wp-block-query alignwide is-layout-flow wp-block-query-is-layout-flow\"><ul class=\"has-link-color columns-5 wp-elements-5 wp-block-post-template has-extra-small-font-size is-layout-grid wp-container-core-post-template-is-layout-303cea86 wp-block-post-template-is-layout-grid\"><li class=\"wp-block-post post-1567 post type-post status-publish format-standard has-post-thumbnail hentry category-in-the-media\">\n\n<div class=\"wp-block-group group-border-1438 has-custom-ciel-secondario-color has-text-color has-background has-link-color wp-elements-6 is-layout-flow wp-container-core-group-is-layout-0931d0dc wp-block-group-is-layout-flow wp-elements-5\" style=\"border-bottom-color:var(--wp--preset--color--custom-ciel-secondario);border-bottom-width:5px;background-color:#2aa6cf\"><figure style=\"margin-bottom:24px\" class=\"wp-block-post-featured-image wp-duotone-422770-ecf8fc-1\"><a href=\"https:\/\/lvejo.org\/es\/2026\/07\/22\/from-toxic-fluff-in-lincoln-park-to-the-smoke-that-blanketed-little-village-a-snapshot-of-environmental-justice-issues-in-chicago-illinois-environmental-council\/\" target=\"_blank\" ><img loading=\"lazy\" decoding=\"async\" width=\"751\" height=\"332\" src=\"https:\/\/i0.wp.com\/lvejo.org\/wp-content\/uploads\/2026\/07\/cropped-IEC_logo.png?fit=751%2C332&amp;ssl=1\" class=\"attachment-post-thumbnail size-post-thumbnail wp-post-image\" alt=\"From Toxic Fluff in Lincoln Park, to the Smoke that Blanketed Little Village: A Snapshot of Environmental Justice Issues in Chicago \u2013 Illinois Environmental Council\" style=\"aspect-ratio:1;width:100%;height:auto;width:100px;object-fit:contain;\" srcset=\"https:\/\/i0.wp.com\/lvejo.org\/wp-content\/uploads\/2026\/07\/cropped-IEC_logo.png?w=751&amp;ssl=1 751w, https:\/\/i0.wp.com\/lvejo.org\/wp-content\/uploads\/2026\/07\/cropped-IEC_logo.png?resize=300%2C133&amp;ssl=1 300w, https:\/\/i0.wp.com\/lvejo.org\/wp-content\/uploads\/2026\/07\/cropped-IEC_logo.png?resize=18%2C8&amp;ssl=1 18w\" sizes=\"auto, (max-width: 751px) 100vw, 751px\" data-attachment-id=\"1412\" data-permalink=\"https:\/\/lvejo.org\/es\/cropped-iec_logo\/\" data-orig-file=\"https:\/\/i0.wp.com\/lvejo.org\/wp-content\/uploads\/2026\/07\/cropped-IEC_logo.png?fit=751%2C332&amp;ssl=1\" data-orig-size=\"751,332\" data-comments-opened=\"1\" data-image-meta=\"{&quot;aperture&quot;:&quot;0&quot;,&quot;credit&quot;:&quot;&quot;,&quot;camera&quot;:&quot;&quot;,&quot;caption&quot;:&quot;&quot;,&quot;created_timestamp&quot;:&quot;0&quot;,&quot;copyright&quot;:&quot;&quot;,&quot;focal_length&quot;:&quot;0&quot;,&quot;iso&quot;:&quot;0&quot;,&quot;shutter_speed&quot;:&quot;0&quot;,&quot;title&quot;:&quot;&quot;,&quot;orientation&quot;:&quot;0&quot;,&quot;alt&quot;:&quot;&quot;}\" data-image-title=\"cropped-IEC_logo\" data-image-description=\"\" data-image-caption=\"\" data-large-file=\"https:\/\/i0.wp.com\/lvejo.org\/wp-content\/uploads\/2026\/07\/cropped-IEC_logo.png?fit=751%2C332&amp;ssl=1\" \/><\/a><\/figure>\n\n<h3 class=\"has-link-color post-title-1438 wp-elements-7 wp-block-post-title has-text-color has-custom-ciel-secondario-color has-normal-font-size has-barlow-condensed-font-family\"><a href=\"https:\/\/lvejo.org\/es\/2026\/07\/22\/from-toxic-fluff-in-lincoln-park-to-the-smoke-that-blanketed-little-village-a-snapshot-of-environmental-justice-issues-in-chicago-illinois-environmental-council\/\" target=\"_blank\" >Desde la \u00abpelusa t\u00f3xica\u00bb en Lincoln Park hasta el humo que cubri\u00f3 Little Village: un panorama de las cuestiones de justicia ambiental en Chicago \u2013 Illinois Environmental Council<\/a><\/h3>\n\n<div class=\"has-link-color wp-elements-8 wp-block-post-date has-text-color has-custom-ciel-tint-color has-small-font-size\"><time datetime=\"2026-07-22T15:19:42+00:00\">julio 22, 2026<\/time><\/div>\n\n\n<div style=\"height:var(--wp--preset--spacing--20)\" aria-hidden=\"true\" class=\"wp-block-spacer\"><\/div>\n<\/div>\n\n<\/li><li class=\"wp-block-post post-1511 post type-post status-publish format-standard has-post-thumbnail hentry category-in-the-media\">\n\n<div class=\"wp-block-group group-border-1438 has-custom-ciel-secondario-color has-text-color has-background has-link-color wp-elements-9 is-layout-flow wp-container-core-group-is-layout-0931d0dc wp-block-group-is-layout-flow wp-elements-5\" style=\"border-bottom-color:var(--wp--preset--color--custom-ciel-secondario);border-bottom-width:5px;background-color:#2aa6cf\"><figure style=\"margin-bottom:24px\" class=\"wp-block-post-featured-image wp-duotone-422770-ecf8fc-2\"><a href=\"https:\/\/lvejo.org\/es\/2026\/07\/03\/chicago-ya-cuenta-con-una-red-de-mas-de-200-monitores-que-miden-la-calidad-del-aire-univision\/\" target=\"_blank\" ><img loading=\"lazy\" decoding=\"async\" width=\"1000\" height=\"826\" src=\"https:\/\/i0.wp.com\/lvejo.org\/wp-content\/uploads\/2026\/07\/Univision2020.webp?fit=1000%2C826&amp;ssl=1\" class=\"attachment-post-thumbnail size-post-thumbnail wp-post-image\" alt=\"Chicago ya cuenta con una red de m\u00e1s de 200 monitores que miden la calidad del aire \u2013 Univision\" style=\"aspect-ratio:1;width:100%;height:auto;width:100px;object-fit:contain;\" srcset=\"https:\/\/i0.wp.com\/lvejo.org\/wp-content\/uploads\/2026\/07\/Univision2020.webp?w=1000&amp;ssl=1 1000w, https:\/\/i0.wp.com\/lvejo.org\/wp-content\/uploads\/2026\/07\/Univision2020.webp?resize=300%2C248&amp;ssl=1 300w, https:\/\/i0.wp.com\/lvejo.org\/wp-content\/uploads\/2026\/07\/Univision2020.webp?resize=768%2C634&amp;ssl=1 768w, https:\/\/i0.wp.com\/lvejo.org\/wp-content\/uploads\/2026\/07\/Univision2020.webp?resize=15%2C12&amp;ssl=1 15w\" sizes=\"auto, (max-width: 1000px) 100vw, 1000px\" data-attachment-id=\"1513\" data-permalink=\"https:\/\/lvejo.org\/es\/2026\/07\/03\/chicago-ya-cuenta-con-una-red-de-mas-de-200-monitores-que-miden-la-calidad-del-aire-univision\/univision2020\/\" data-orig-file=\"https:\/\/i0.wp.com\/lvejo.org\/wp-content\/uploads\/2026\/07\/Univision2020.webp?fit=1000%2C826&amp;ssl=1\" data-orig-size=\"1000,826\" data-comments-opened=\"1\" data-image-meta=\"{&quot;aperture&quot;:&quot;0&quot;,&quot;credit&quot;:&quot;&quot;,&quot;camera&quot;:&quot;&quot;,&quot;caption&quot;:&quot;&quot;,&quot;created_timestamp&quot;:&quot;0&quot;,&quot;copyright&quot;:&quot;&quot;,&quot;focal_length&quot;:&quot;0&quot;,&quot;iso&quot;:&quot;0&quot;,&quot;shutter_speed&quot;:&quot;0&quot;,&quot;title&quot;:&quot;&quot;,&quot;orientation&quot;:&quot;0&quot;,&quot;alt&quot;:&quot;&quot;}\" data-image-title=\"Univision2020\" data-image-description=\"\" data-image-caption=\"\" data-large-file=\"https:\/\/i0.wp.com\/lvejo.org\/wp-content\/uploads\/2026\/07\/Univision2020.webp?fit=1000%2C826&amp;ssl=1\" \/><\/a><\/figure>\n\n<h3 class=\"has-link-color post-title-1438 wp-elements-10 wp-block-post-title has-text-color has-custom-ciel-secondario-color has-normal-font-size has-barlow-condensed-font-family\"><a href=\"https:\/\/lvejo.org\/es\/2026\/07\/03\/chicago-ya-cuenta-con-una-red-de-mas-de-200-monitores-que-miden-la-calidad-del-aire-univision\/\" target=\"_blank\" >Chicago ya cuenta con una red de m\u00e1s de 200 monitores que miden la calidad del aire \u2013 Univision<\/a><\/h3>\n\n<div class=\"has-link-color wp-elements-11 wp-block-post-date has-text-color has-custom-ciel-tint-color has-small-font-size\"><time datetime=\"2026-07-03T15:03:42+00:00\">julio 3, 2026<\/time><\/div>\n\n\n<div style=\"height:var(--wp--preset--spacing--20)\" aria-hidden=\"true\" class=\"wp-block-spacer\"><\/div>\n<\/div>\n\n<\/li><li class=\"wp-block-post post-1516 post type-post status-publish format-standard has-post-thumbnail hentry category-in-the-media\">\n\n<div class=\"wp-block-group group-border-1438 has-custom-ciel-secondario-color has-text-color has-background has-link-color wp-elements-12 is-layout-flow wp-container-core-group-is-layout-0931d0dc wp-block-group-is-layout-flow wp-elements-5\" style=\"border-bottom-color:var(--wp--preset--color--custom-ciel-secondario);border-bottom-width:5px;background-color:#2aa6cf\"><figure style=\"margin-bottom:24px\" class=\"wp-block-post-featured-image wp-duotone-422770-ecf8fc-3\"><a href=\"https:\/\/lvejo.org\/es\/2026\/02\/18\/el-orgullo-del-barrio-senor-manuel-avila-univision\/\" target=\"_blank\" ><img loading=\"lazy\" decoding=\"async\" width=\"1000\" height=\"826\" src=\"https:\/\/i0.wp.com\/lvejo.org\/wp-content\/uploads\/2026\/07\/Univision2020.webp?fit=1000%2C826&amp;ssl=1\" class=\"attachment-post-thumbnail size-post-thumbnail wp-post-image\" alt=\"El Orgullo del Barrio: Se\u00f1or Manuel Avila \u2014 Univision\" style=\"aspect-ratio:1;width:100%;height:auto;width:100px;object-fit:contain;\" srcset=\"https:\/\/i0.wp.com\/lvejo.org\/wp-content\/uploads\/2026\/07\/Univision2020.webp?w=1000&amp;ssl=1 1000w, https:\/\/i0.wp.com\/lvejo.org\/wp-content\/uploads\/2026\/07\/Univision2020.webp?resize=300%2C248&amp;ssl=1 300w, https:\/\/i0.wp.com\/lvejo.org\/wp-content\/uploads\/2026\/07\/Univision2020.webp?resize=768%2C634&amp;ssl=1 768w, https:\/\/i0.wp.com\/lvejo.org\/wp-content\/uploads\/2026\/07\/Univision2020.webp?resize=15%2C12&amp;ssl=1 15w\" sizes=\"auto, (max-width: 1000px) 100vw, 1000px\" data-attachment-id=\"1513\" data-permalink=\"https:\/\/lvejo.org\/es\/2026\/07\/03\/chicago-ya-cuenta-con-una-red-de-mas-de-200-monitores-que-miden-la-calidad-del-aire-univision\/univision2020\/\" data-orig-file=\"https:\/\/i0.wp.com\/lvejo.org\/wp-content\/uploads\/2026\/07\/Univision2020.webp?fit=1000%2C826&amp;ssl=1\" data-orig-size=\"1000,826\" data-comments-opened=\"1\" data-image-meta=\"{&quot;aperture&quot;:&quot;0&quot;,&quot;credit&quot;:&quot;&quot;,&quot;camera&quot;:&quot;&quot;,&quot;caption&quot;:&quot;&quot;,&quot;created_timestamp&quot;:&quot;0&quot;,&quot;copyright&quot;:&quot;&quot;,&quot;focal_length&quot;:&quot;0&quot;,&quot;iso&quot;:&quot;0&quot;,&quot;shutter_speed&quot;:&quot;0&quot;,&quot;title&quot;:&quot;&quot;,&quot;orientation&quot;:&quot;0&quot;,&quot;alt&quot;:&quot;&quot;}\" data-image-title=\"Univision2020\" data-image-description=\"\" data-image-caption=\"\" data-large-file=\"https:\/\/i0.wp.com\/lvejo.org\/wp-content\/uploads\/2026\/07\/Univision2020.webp?fit=1000%2C826&amp;ssl=1\" \/><\/a><\/figure>\n\n<h3 class=\"has-link-color post-title-1438 wp-elements-13 wp-block-post-title has-text-color has-custom-ciel-secondario-color has-normal-font-size has-barlow-condensed-font-family\"><a href=\"https:\/\/lvejo.org\/es\/2026\/02\/18\/el-orgullo-del-barrio-senor-manuel-avila-univision\/\" target=\"_blank\" >El Orgullo del Barrio: Se\u00f1or Manuel \u00c1vila \u2014 Univision<\/a><\/h3>\n\n<div class=\"has-link-color wp-elements-14 wp-block-post-date has-text-color has-custom-ciel-tint-color has-small-font-size\"><time datetime=\"2026-02-18T15:05:19+00:00\">febrero 18, 2026<\/time><\/div>\n\n\n<div style=\"height:var(--wp--preset--spacing--20)\" aria-hidden=\"true\" class=\"wp-block-spacer\"><\/div>\n<\/div>\n\n<\/li><li class=\"wp-block-post post-1531 post type-post status-publish format-standard has-post-thumbnail hentry category-in-the-media\">\n\n<div class=\"wp-block-group group-border-1438 has-custom-ciel-secondario-color has-text-color has-background has-link-color wp-elements-15 is-layout-flow wp-container-core-group-is-layout-0931d0dc wp-block-group-is-layout-flow wp-elements-5\" style=\"border-bottom-color:var(--wp--preset--color--custom-ciel-secondario);border-bottom-width:5px;background-color:#2aa6cf\"><figure style=\"margin-bottom:24px\" class=\"wp-block-post-featured-image wp-duotone-422770-ecf8fc-4\"><a href=\"https:\/\/lvejo.org\/es\/2025\/12\/03\/dollar-stores-diesel-fumes-and-food-sovereignty-in-chicagos-frontline-communities-unbias-the-news\/\" target=\"_blank\" ><img loading=\"lazy\" decoding=\"async\" width=\"1200\" height=\"1200\" src=\"https:\/\/i0.wp.com\/lvejo.org\/wp-content\/uploads\/2026\/07\/unbias-the-news-favicon.jpg?fit=1200%2C1200&amp;ssl=1\" class=\"attachment-post-thumbnail size-post-thumbnail wp-post-image\" alt=\"Dollar stores, diesel fumes and food sovereignty in Chicago\u2019s frontline communities \u2013\u00a0Unbias the News\" style=\"aspect-ratio:1;width:100%;height:auto;width:100px;object-fit:contain;\" srcset=\"https:\/\/i0.wp.com\/lvejo.org\/wp-content\/uploads\/2026\/07\/unbias-the-news-favicon.jpg?w=1200&amp;ssl=1 1200w, https:\/\/i0.wp.com\/lvejo.org\/wp-content\/uploads\/2026\/07\/unbias-the-news-favicon.jpg?resize=300%2C300&amp;ssl=1 300w, https:\/\/i0.wp.com\/lvejo.org\/wp-content\/uploads\/2026\/07\/unbias-the-news-favicon.jpg?resize=1024%2C1024&amp;ssl=1 1024w, https:\/\/i0.wp.com\/lvejo.org\/wp-content\/uploads\/2026\/07\/unbias-the-news-favicon.jpg?resize=150%2C150&amp;ssl=1 150w, https:\/\/i0.wp.com\/lvejo.org\/wp-content\/uploads\/2026\/07\/unbias-the-news-favicon.jpg?resize=768%2C768&amp;ssl=1 768w, https:\/\/i0.wp.com\/lvejo.org\/wp-content\/uploads\/2026\/07\/unbias-the-news-favicon.jpg?resize=12%2C12&amp;ssl=1 12w, https:\/\/i0.wp.com\/lvejo.org\/wp-content\/uploads\/2026\/07\/unbias-the-news-favicon.jpg?resize=50%2C50&amp;ssl=1 50w\" sizes=\"auto, (max-width: 1000px) 100vw, 1000px\" data-attachment-id=\"1533\" data-permalink=\"https:\/\/lvejo.org\/es\/2025\/12\/03\/dollar-stores-diesel-fumes-and-food-sovereignty-in-chicagos-frontline-communities-unbias-the-news\/unbias-the-news-favicon\/\" data-orig-file=\"https:\/\/i0.wp.com\/lvejo.org\/wp-content\/uploads\/2026\/07\/unbias-the-news-favicon.jpg?fit=1200%2C1200&amp;ssl=1\" data-orig-size=\"1200,1200\" data-comments-opened=\"1\" data-image-meta=\"{&quot;aperture&quot;:&quot;0&quot;,&quot;credit&quot;:&quot;&quot;,&quot;camera&quot;:&quot;&quot;,&quot;caption&quot;:&quot;&quot;,&quot;created_timestamp&quot;:&quot;0&quot;,&quot;copyright&quot;:&quot;&quot;,&quot;focal_length&quot;:&quot;0&quot;,&quot;iso&quot;:&quot;0&quot;,&quot;shutter_speed&quot;:&quot;0&quot;,&quot;title&quot;:&quot;&quot;,&quot;orientation&quot;:&quot;0&quot;,&quot;alt&quot;:&quot;&quot;}\" data-image-title=\"unbias-the-news-favicon\" data-image-description=\"\" data-image-caption=\"\" data-large-file=\"https:\/\/i0.wp.com\/lvejo.org\/wp-content\/uploads\/2026\/07\/unbias-the-news-favicon.jpg?fit=1024%2C1024&amp;ssl=1\" \/><\/a><\/figure>\n\n<h3 class=\"has-link-color post-title-1438 wp-elements-16 wp-block-post-title has-text-color has-custom-ciel-secondario-color has-normal-font-size has-barlow-condensed-font-family\"><a href=\"https:\/\/lvejo.org\/es\/2025\/12\/03\/dollar-stores-diesel-fumes-and-food-sovereignty-in-chicagos-frontline-communities-unbias-the-news\/\" target=\"_blank\" >Tiendas de un d\u00f3lar, vapores de di\u00e9sel y soberan\u00eda alimentaria en las comunidades de primera l\u00ednea de Chicago \u2013 Unbias the News<\/a><\/h3>\n\n<div class=\"has-link-color wp-elements-17 wp-block-post-date has-text-color has-custom-ciel-tint-color has-small-font-size\"><time datetime=\"2025-12-03T15:09:54+00:00\">diciembre 3, 2025<\/time><\/div>\n\n\n<div style=\"height:var(--wp--preset--spacing--20)\" aria-hidden=\"true\" class=\"wp-block-spacer\"><\/div>\n<\/div>\n\n<\/li><li class=\"wp-block-post post-1519 post type-post status-publish format-standard has-post-thumbnail hentry category-in-the-media\">\n\n<div class=\"wp-block-group group-border-1438 has-custom-ciel-secondario-color has-text-color has-background has-link-color wp-elements-18 is-layout-flow wp-container-core-group-is-layout-0931d0dc wp-block-group-is-layout-flow wp-elements-5\" style=\"border-bottom-color:var(--wp--preset--color--custom-ciel-secondario);border-bottom-width:5px;background-color:#2aa6cf\"><figure style=\"margin-bottom:24px\" class=\"wp-block-post-featured-image wp-duotone-422770-ecf8fc-5\"><a href=\"https:\/\/lvejo.org\/es\/2025\/03\/26\/espira-chicago-la-ciencia-y-comunidad-contra-contaminacion-healthy-chicago-podcast\/\" target=\"_blank\" ><img loading=\"lazy\" decoding=\"async\" width=\"400\" height=\"400\" src=\"https:\/\/i0.wp.com\/lvejo.org\/wp-content\/uploads\/2026\/07\/CPDH_HCEZ_HCPodcast_social_400x400.png?fit=400%2C400&amp;ssl=1\" class=\"attachment-post-thumbnail size-post-thumbnail wp-post-image\" alt=\"Respira: Chicago La Ciencia y Comunidad Contra Contaminacion \u2013 Healthy Chicago Podcast\" style=\"aspect-ratio:1;width:100%;height:auto;width:100px;object-fit:contain;\" srcset=\"https:\/\/i0.wp.com\/lvejo.org\/wp-content\/uploads\/2026\/07\/CPDH_HCEZ_HCPodcast_social_400x400.png?w=400&amp;ssl=1 400w, https:\/\/i0.wp.com\/lvejo.org\/wp-content\/uploads\/2026\/07\/CPDH_HCEZ_HCPodcast_social_400x400.png?resize=300%2C300&amp;ssl=1 300w, https:\/\/i0.wp.com\/lvejo.org\/wp-content\/uploads\/2026\/07\/CPDH_HCEZ_HCPodcast_social_400x400.png?resize=150%2C150&amp;ssl=1 150w, https:\/\/i0.wp.com\/lvejo.org\/wp-content\/uploads\/2026\/07\/CPDH_HCEZ_HCPodcast_social_400x400.png?resize=12%2C12&amp;ssl=1 12w, https:\/\/i0.wp.com\/lvejo.org\/wp-content\/uploads\/2026\/07\/CPDH_HCEZ_HCPodcast_social_400x400.png?resize=50%2C50&amp;ssl=1 50w\" sizes=\"auto, (max-width: 400px) 100vw, 400px\" data-attachment-id=\"1521\" data-permalink=\"https:\/\/lvejo.org\/es\/2025\/03\/26\/espira-chicago-la-ciencia-y-comunidad-contra-contaminacion-healthy-chicago-podcast\/cpdh_hcez_hcpodcast_social_400x400\/\" data-orig-file=\"https:\/\/i0.wp.com\/lvejo.org\/wp-content\/uploads\/2026\/07\/CPDH_HCEZ_HCPodcast_social_400x400.png?fit=400%2C400&amp;ssl=1\" data-orig-size=\"400,400\" data-comments-opened=\"1\" data-image-meta=\"{&quot;aperture&quot;:&quot;0&quot;,&quot;credit&quot;:&quot;&quot;,&quot;camera&quot;:&quot;&quot;,&quot;caption&quot;:&quot;&quot;,&quot;created_timestamp&quot;:&quot;0&quot;,&quot;copyright&quot;:&quot;&quot;,&quot;focal_length&quot;:&quot;0&quot;,&quot;iso&quot;:&quot;0&quot;,&quot;shutter_speed&quot;:&quot;0&quot;,&quot;title&quot;:&quot;&quot;,&quot;orientation&quot;:&quot;0&quot;,&quot;alt&quot;:&quot;&quot;}\" data-image-title=\"CPDH_HCEZ_HCPodcast_social_400x400\" data-image-description=\"\" data-image-caption=\"\" data-large-file=\"https:\/\/i0.wp.com\/lvejo.org\/wp-content\/uploads\/2026\/07\/CPDH_HCEZ_HCPodcast_social_400x400.png?fit=400%2C400&amp;ssl=1\" \/><\/a><\/figure>\n\n<h3 class=\"has-link-color post-title-1438 wp-elements-19 wp-block-post-title has-text-color has-custom-ciel-secondario-color has-normal-font-size has-barlow-condensed-font-family\"><a href=\"https:\/\/lvejo.org\/es\/2025\/03\/26\/espira-chicago-la-ciencia-y-comunidad-contra-contaminacion-healthy-chicago-podcast\/\" target=\"_blank\" >Respira: Chicago La Ciencia y Comunidad Contra Contaminacion \u2013 Healthy Chicago Podcast<\/a><\/h3>\n\n<div class=\"has-link-color wp-elements-20 wp-block-post-date has-text-color has-custom-ciel-tint-color has-small-font-size\"><time datetime=\"2025-03-26T15:07:07+00:00\">marzo 26, 2025<\/time><\/div>\n\n\n<div style=\"height:var(--wp--preset--spacing--20)\" aria-hidden=\"true\" class=\"wp-block-spacer\"><\/div>\n<\/div>\n\n<\/li><li class=\"wp-block-post post-1535 post type-post status-publish format-standard has-post-thumbnail hentry category-in-the-media\">\n\n<div class=\"wp-block-group group-border-1438 has-custom-ciel-secondario-color has-text-color has-background has-link-color wp-elements-21 is-layout-flow wp-container-core-group-is-layout-0931d0dc wp-block-group-is-layout-flow wp-elements-5\" style=\"border-bottom-color:var(--wp--preset--color--custom-ciel-secondario);border-bottom-width:5px;background-color:#2aa6cf\"><figure style=\"margin-bottom:24px\" class=\"wp-block-post-featured-image wp-duotone-422770-ecf8fc-6\"><a href=\"https:\/\/lvejo.org\/es\/2025\/03\/25\/what-30-years-of-fighting-for-environmental-justice-looks-like-in-one-community-inside-climate-news\/\" target=\"_blank\" ><img loading=\"lazy\" decoding=\"async\" width=\"447\" height=\"447\" src=\"https:\/\/i0.wp.com\/lvejo.org\/wp-content\/uploads\/2026\/07\/images.png?fit=447%2C447&amp;ssl=1\" class=\"attachment-post-thumbnail size-post-thumbnail wp-post-image\" alt=\"What 30 Years of Fighting for Environmental Justice Looks Like In One Community \u2013 Inside Climate News\" style=\"aspect-ratio:1;width:100%;height:auto;width:100px;object-fit:contain;\" srcset=\"https:\/\/i0.wp.com\/lvejo.org\/wp-content\/uploads\/2026\/07\/images.png?w=447&amp;ssl=1 447w, https:\/\/i0.wp.com\/lvejo.org\/wp-content\/uploads\/2026\/07\/images.png?resize=300%2C300&amp;ssl=1 300w, https:\/\/i0.wp.com\/lvejo.org\/wp-content\/uploads\/2026\/07\/images.png?resize=150%2C150&amp;ssl=1 150w, https:\/\/i0.wp.com\/lvejo.org\/wp-content\/uploads\/2026\/07\/images.png?resize=12%2C12&amp;ssl=1 12w, https:\/\/i0.wp.com\/lvejo.org\/wp-content\/uploads\/2026\/07\/images.png?resize=50%2C50&amp;ssl=1 50w\" sizes=\"auto, (max-width: 447px) 100vw, 447px\" data-attachment-id=\"1537\" data-permalink=\"https:\/\/lvejo.org\/es\/2025\/03\/25\/what-30-years-of-fighting-for-environmental-justice-looks-like-in-one-community-inside-climate-news\/images-2\/\" data-orig-file=\"https:\/\/i0.wp.com\/lvejo.org\/wp-content\/uploads\/2026\/07\/images.png?fit=447%2C447&amp;ssl=1\" data-orig-size=\"447,447\" data-comments-opened=\"1\" data-image-meta=\"{&quot;aperture&quot;:&quot;0&quot;,&quot;credit&quot;:&quot;&quot;,&quot;camera&quot;:&quot;&quot;,&quot;caption&quot;:&quot;&quot;,&quot;created_timestamp&quot;:&quot;0&quot;,&quot;copyright&quot;:&quot;&quot;,&quot;focal_length&quot;:&quot;0&quot;,&quot;iso&quot;:&quot;0&quot;,&quot;shutter_speed&quot;:&quot;0&quot;,&quot;title&quot;:&quot;&quot;,&quot;orientation&quot;:&quot;0&quot;,&quot;alt&quot;:&quot;&quot;}\" data-image-title=\"images\" data-image-description=\"\" data-image-caption=\"\" data-large-file=\"https:\/\/i0.wp.com\/lvejo.org\/wp-content\/uploads\/2026\/07\/images.png?fit=447%2C447&amp;ssl=1\" \/><\/a><\/figure>\n\n<h3 class=\"has-link-color post-title-1438 wp-elements-22 wp-block-post-title has-text-color has-custom-ciel-secondario-color has-normal-font-size has-barlow-condensed-font-family\"><a href=\"https:\/\/lvejo.org\/es\/2025\/03\/25\/what-30-years-of-fighting-for-environmental-justice-looks-like-in-one-community-inside-climate-news\/\" target=\"_blank\" >C\u00f3mo se ven 30 a\u00f1os de lucha por la justicia ambiental en una comunidad \u2013 Inside Climate News<\/a><\/h3>\n\n<div class=\"has-link-color wp-elements-23 wp-block-post-date has-text-color has-custom-ciel-tint-color has-small-font-size\"><time datetime=\"2025-03-25T15:11:15+00:00\">marzo 25, 2025<\/time><\/div>\n\n\n<div style=\"height:var(--wp--preset--spacing--20)\" aria-hidden=\"true\" class=\"wp-block-spacer\"><\/div>\n<\/div>\n\n<\/li><li class=\"wp-block-post post-1523 post type-post status-publish format-standard has-post-thumbnail hentry category-in-the-media\">\n\n<div class=\"wp-block-group group-border-1438 has-custom-ciel-secondario-color has-text-color has-background has-link-color wp-elements-24 is-layout-flow wp-container-core-group-is-layout-0931d0dc wp-block-group-is-layout-flow wp-elements-5\" style=\"border-bottom-color:var(--wp--preset--color--custom-ciel-secondario);border-bottom-width:5px;background-color:#2aa6cf\"><figure style=\"margin-bottom:24px\" class=\"wp-block-post-featured-image wp-duotone-422770-ecf8fc-7\"><a href=\"https:\/\/lvejo.org\/es\/2025\/03\/14\/chicago-food-justice-summit-hoping-to-bring-change-amid-federal-funding-cuts-abc7\/\" target=\"_blank\" ><img loading=\"lazy\" decoding=\"async\" width=\"900\" height=\"900\" src=\"https:\/\/i0.wp.com\/lvejo.org\/wp-content\/uploads\/2026\/07\/channels4_profile.jpg?fit=900%2C900&amp;ssl=1\" class=\"attachment-post-thumbnail size-post-thumbnail wp-post-image\" alt=\"Chicago Food Justice Summit hoping to bring change amid federal funding cuts \u2013\u00a0ABC7\" style=\"aspect-ratio:1;width:100%;height:auto;width:100px;object-fit:contain;\" srcset=\"https:\/\/i0.wp.com\/lvejo.org\/wp-content\/uploads\/2026\/07\/channels4_profile.jpg?w=900&amp;ssl=1 900w, https:\/\/i0.wp.com\/lvejo.org\/wp-content\/uploads\/2026\/07\/channels4_profile.jpg?resize=300%2C300&amp;ssl=1 300w, https:\/\/i0.wp.com\/lvejo.org\/wp-content\/uploads\/2026\/07\/channels4_profile.jpg?resize=150%2C150&amp;ssl=1 150w, https:\/\/i0.wp.com\/lvejo.org\/wp-content\/uploads\/2026\/07\/channels4_profile.jpg?resize=768%2C768&amp;ssl=1 768w, https:\/\/i0.wp.com\/lvejo.org\/wp-content\/uploads\/2026\/07\/channels4_profile.jpg?resize=12%2C12&amp;ssl=1 12w, https:\/\/i0.wp.com\/lvejo.org\/wp-content\/uploads\/2026\/07\/channels4_profile.jpg?resize=50%2C50&amp;ssl=1 50w\" sizes=\"auto, (max-width: 900px) 100vw, 900px\" data-attachment-id=\"1525\" data-permalink=\"https:\/\/lvejo.org\/es\/2025\/03\/14\/chicago-food-justice-summit-hoping-to-bring-change-amid-federal-funding-cuts-abc7\/channels4_profile\/\" data-orig-file=\"https:\/\/i0.wp.com\/lvejo.org\/wp-content\/uploads\/2026\/07\/channels4_profile.jpg?fit=900%2C900&amp;ssl=1\" data-orig-size=\"900,900\" data-comments-opened=\"1\" data-image-meta=\"{&quot;aperture&quot;:&quot;0&quot;,&quot;credit&quot;:&quot;&quot;,&quot;camera&quot;:&quot;&quot;,&quot;caption&quot;:&quot;&quot;,&quot;created_timestamp&quot;:&quot;0&quot;,&quot;copyright&quot;:&quot;&quot;,&quot;focal_length&quot;:&quot;0&quot;,&quot;iso&quot;:&quot;0&quot;,&quot;shutter_speed&quot;:&quot;0&quot;,&quot;title&quot;:&quot;&quot;,&quot;orientation&quot;:&quot;0&quot;,&quot;alt&quot;:&quot;&quot;}\" data-image-title=\"channels4_profile\" data-image-description=\"\" data-image-caption=\"\" data-large-file=\"https:\/\/i0.wp.com\/lvejo.org\/wp-content\/uploads\/2026\/07\/channels4_profile.jpg?fit=900%2C900&amp;ssl=1\" \/><\/a><\/figure>\n\n<h3 class=\"has-link-color post-title-1438 wp-elements-25 wp-block-post-title has-text-color has-custom-ciel-secondario-color has-normal-font-size has-barlow-condensed-font-family\"><a href=\"https:\/\/lvejo.org\/es\/2025\/03\/14\/chicago-food-justice-summit-hoping-to-bring-change-amid-federal-funding-cuts-abc7\/\" target=\"_blank\" >Cumbre de Justicia Alimentaria de Chicago con la esperanza de lograr cambios en medio de recortes de fondos federales \u2013 ABC7<\/a><\/h3>\n\n<div class=\"has-link-color wp-elements-26 wp-block-post-date has-text-color has-custom-ciel-tint-color has-small-font-size\"><time datetime=\"2025-03-14T15:08:06+00:00\">marzo 14, 2025<\/time><\/div>\n\n\n<div style=\"height:var(--wp--preset--spacing--20)\" aria-hidden=\"true\" class=\"wp-block-spacer\"><\/div>\n<\/div>\n\n<\/li><li class=\"wp-block-post post-1539 post type-post status-publish format-standard has-post-thumbnail hentry category-in-the-media\">\n\n<div class=\"wp-block-group group-border-1438 has-custom-ciel-secondario-color has-text-color has-background has-link-color wp-elements-27 is-layout-flow wp-container-core-group-is-layout-0931d0dc wp-block-group-is-layout-flow wp-elements-5\" style=\"border-bottom-color:var(--wp--preset--color--custom-ciel-secondario);border-bottom-width:5px;background-color:#2aa6cf\"><figure style=\"margin-bottom:24px\" class=\"wp-block-post-featured-image wp-duotone-422770-ecf8fc-8\"><a href=\"https:\/\/lvejo.org\/es\/2025\/03\/12\/in-chicago-an-environmental-organization-feeds-a-community-civil-eats\/\" target=\"_blank\" ><img loading=\"lazy\" decoding=\"async\" width=\"900\" height=\"900\" src=\"https:\/\/i0.wp.com\/lvejo.org\/wp-content\/uploads\/2026\/07\/unnamed.jpg?fit=900%2C900&amp;ssl=1\" class=\"attachment-post-thumbnail size-post-thumbnail wp-post-image\" alt=\"In Chicago, an Environmental Organization Feeds a Community \u2013 Civil Eats\" style=\"aspect-ratio:1;width:100%;height:auto;width:100px;object-fit:contain;\" srcset=\"https:\/\/i0.wp.com\/lvejo.org\/wp-content\/uploads\/2026\/07\/unnamed.jpg?w=900&amp;ssl=1 900w, https:\/\/i0.wp.com\/lvejo.org\/wp-content\/uploads\/2026\/07\/unnamed.jpg?resize=300%2C300&amp;ssl=1 300w, https:\/\/i0.wp.com\/lvejo.org\/wp-content\/uploads\/2026\/07\/unnamed.jpg?resize=150%2C150&amp;ssl=1 150w, https:\/\/i0.wp.com\/lvejo.org\/wp-content\/uploads\/2026\/07\/unnamed.jpg?resize=768%2C768&amp;ssl=1 768w, https:\/\/i0.wp.com\/lvejo.org\/wp-content\/uploads\/2026\/07\/unnamed.jpg?resize=12%2C12&amp;ssl=1 12w, https:\/\/i0.wp.com\/lvejo.org\/wp-content\/uploads\/2026\/07\/unnamed.jpg?resize=50%2C50&amp;ssl=1 50w\" sizes=\"auto, (max-width: 900px) 100vw, 900px\" data-attachment-id=\"1541\" data-permalink=\"https:\/\/lvejo.org\/es\/2025\/03\/12\/in-chicago-an-environmental-organization-feeds-a-community-civil-eats\/unnamed\/\" data-orig-file=\"https:\/\/i0.wp.com\/lvejo.org\/wp-content\/uploads\/2026\/07\/unnamed.jpg?fit=900%2C900&amp;ssl=1\" data-orig-size=\"900,900\" data-comments-opened=\"1\" data-image-meta=\"{&quot;aperture&quot;:&quot;0&quot;,&quot;credit&quot;:&quot;&quot;,&quot;camera&quot;:&quot;&quot;,&quot;caption&quot;:&quot;&quot;,&quot;created_timestamp&quot;:&quot;0&quot;,&quot;copyright&quot;:&quot;&quot;,&quot;focal_length&quot;:&quot;0&quot;,&quot;iso&quot;:&quot;0&quot;,&quot;shutter_speed&quot;:&quot;0&quot;,&quot;title&quot;:&quot;&quot;,&quot;orientation&quot;:&quot;0&quot;,&quot;alt&quot;:&quot;&quot;}\" data-image-title=\"unnamed\" data-image-description=\"\" data-image-caption=\"\" data-large-file=\"https:\/\/i0.wp.com\/lvejo.org\/wp-content\/uploads\/2026\/07\/unnamed.jpg?fit=900%2C900&amp;ssl=1\" \/><\/a><\/figure>\n\n<h3 class=\"has-link-color post-title-1438 wp-elements-28 wp-block-post-title has-text-color has-custom-ciel-secondario-color has-normal-font-size has-barlow-condensed-font-family\"><a href=\"https:\/\/lvejo.org\/es\/2025\/03\/12\/in-chicago-an-environmental-organization-feeds-a-community-civil-eats\/\" target=\"_blank\" >In Chicago, an Environmental Organization Feeds a Community \u2013 Civil Eats<\/a><\/h3>\n\n<div class=\"has-link-color wp-elements-29 wp-block-post-date has-text-color has-custom-ciel-tint-color has-small-font-size\"><time datetime=\"2025-03-12T15:12:06+00:00\">marzo 12, 2025<\/time><\/div>\n\n\n<div style=\"height:var(--wp--preset--spacing--20)\" aria-hidden=\"true\" class=\"wp-block-spacer\"><\/div>\n<\/div>\n\n<\/li><li class=\"wp-block-post post-1543 post type-post status-publish format-standard has-post-thumbnail hentry category-in-the-media\">\n\n<div class=\"wp-block-group group-border-1438 has-custom-ciel-secondario-color has-text-color has-background has-link-color wp-elements-30 is-layout-flow wp-container-core-group-is-layout-0931d0dc wp-block-group-is-layout-flow wp-elements-5\" style=\"border-bottom-color:var(--wp--preset--color--custom-ciel-secondario);border-bottom-width:5px;background-color:#2aa6cf\"><figure style=\"margin-bottom:24px\" class=\"wp-block-post-featured-image wp-duotone-422770-ecf8fc-9\"><a href=\"https:\/\/lvejo.org\/es\/2024\/12\/02\/advocates-push-for-stricter-emissions-standards-to-improve-air-quality-in-illinois-wttw-news\/\" target=\"_blank\" ><img loading=\"lazy\" decoding=\"async\" width=\"320\" height=\"320\" src=\"https:\/\/i0.wp.com\/lvejo.org\/wp-content\/uploads\/2026\/07\/images-1.jpg?fit=320%2C320&amp;ssl=1\" class=\"attachment-post-thumbnail size-post-thumbnail wp-post-image\" alt=\"Advocates Push for Stricter Emissions Standards to Improve Air Quality in Illinois \u2013 WTTW News\" style=\"aspect-ratio:1;width:100%;height:auto;width:100px;object-fit:contain;\" srcset=\"https:\/\/i0.wp.com\/lvejo.org\/wp-content\/uploads\/2026\/07\/images-1.jpg?w=320&amp;ssl=1 320w, https:\/\/i0.wp.com\/lvejo.org\/wp-content\/uploads\/2026\/07\/images-1.jpg?resize=300%2C300&amp;ssl=1 300w, https:\/\/i0.wp.com\/lvejo.org\/wp-content\/uploads\/2026\/07\/images-1.jpg?resize=150%2C150&amp;ssl=1 150w, https:\/\/i0.wp.com\/lvejo.org\/wp-content\/uploads\/2026\/07\/images-1.jpg?resize=12%2C12&amp;ssl=1 12w, https:\/\/i0.wp.com\/lvejo.org\/wp-content\/uploads\/2026\/07\/images-1.jpg?resize=50%2C50&amp;ssl=1 50w\" sizes=\"auto, (max-width: 320px) 100vw, 320px\" data-attachment-id=\"1545\" data-permalink=\"https:\/\/lvejo.org\/es\/2024\/12\/02\/advocates-push-for-stricter-emissions-standards-to-improve-air-quality-in-illinois-wttw-news\/images-3\/\" data-orig-file=\"https:\/\/i0.wp.com\/lvejo.org\/wp-content\/uploads\/2026\/07\/images-1.jpg?fit=320%2C320&amp;ssl=1\" data-orig-size=\"320,320\" data-comments-opened=\"1\" data-image-meta=\"{&quot;aperture&quot;:&quot;0&quot;,&quot;credit&quot;:&quot;&quot;,&quot;camera&quot;:&quot;&quot;,&quot;caption&quot;:&quot;&quot;,&quot;created_timestamp&quot;:&quot;0&quot;,&quot;copyright&quot;:&quot;&quot;,&quot;focal_length&quot;:&quot;0&quot;,&quot;iso&quot;:&quot;0&quot;,&quot;shutter_speed&quot;:&quot;0&quot;,&quot;title&quot;:&quot;&quot;,&quot;orientation&quot;:&quot;0&quot;,&quot;alt&quot;:&quot;&quot;}\" data-image-title=\"images\" data-image-description=\"\" data-image-caption=\"\" data-large-file=\"https:\/\/i0.wp.com\/lvejo.org\/wp-content\/uploads\/2026\/07\/images-1.jpg?fit=320%2C320&amp;ssl=1\" \/><\/a><\/figure>\n\n<h3 class=\"has-link-color post-title-1438 wp-elements-31 wp-block-post-title has-text-color has-custom-ciel-secondario-color has-normal-font-size has-barlow-condensed-font-family\"><a href=\"https:\/\/lvejo.org\/es\/2024\/12\/02\/advocates-push-for-stricter-emissions-standards-to-improve-air-quality-in-illinois-wttw-news\/\" target=\"_blank\" >Defensores impulsan normas de emisiones m\u00e1s estrictas para mejorar la calidad del aire en Illinois \u2013 WTTW News<\/a><\/h3>\n\n<div class=\"has-link-color wp-elements-32 wp-block-post-date has-text-color has-custom-ciel-tint-color has-small-font-size\"><time datetime=\"2024-12-02T15:13:25+00:00\">diciembre 2, 2024<\/time><\/div>\n\n\n<div style=\"height:var(--wp--preset--spacing--20)\" aria-hidden=\"true\" class=\"wp-block-spacer\"><\/div>\n<\/div>\n\n<\/li><li class=\"wp-block-post post-1555 post type-post status-publish format-standard has-post-thumbnail hentry category-uncategorized\">\n\n<div class=\"wp-block-group group-border-1438 has-custom-ciel-secondario-color has-text-color has-background has-link-color wp-elements-33 is-layout-flow wp-container-core-group-is-layout-0931d0dc wp-block-group-is-layout-flow wp-elements-5\" style=\"border-bottom-color:var(--wp--preset--color--custom-ciel-secondario);border-bottom-width:5px;background-color:#2aa6cf\"><figure style=\"margin-bottom:24px\" class=\"wp-block-post-featured-image wp-duotone-422770-ecf8fc-10\"><a href=\"https:\/\/lvejo.org\/es\/2023\/12\/07\/shared-struggle-strengthens-environmental-movement-macarthur-foundation\/\" target=\"_blank\" ><img loading=\"lazy\" decoding=\"async\" width=\"500\" height=\"500\" src=\"https:\/\/i0.wp.com\/lvejo.org\/wp-content\/uploads\/2026\/07\/mcf.png?fit=500%2C500&amp;ssl=1\" class=\"attachment-post-thumbnail size-post-thumbnail wp-post-image\" alt=\"Shared Struggle Strengthens Environmental Movement \u2013 MacArthur Foundation\" style=\"aspect-ratio:1;width:100%;height:auto;width:100px;object-fit:contain;\" srcset=\"https:\/\/i0.wp.com\/lvejo.org\/wp-content\/uploads\/2026\/07\/mcf.png?w=500&amp;ssl=1 500w, https:\/\/i0.wp.com\/lvejo.org\/wp-content\/uploads\/2026\/07\/mcf.png?resize=300%2C300&amp;ssl=1 300w, https:\/\/i0.wp.com\/lvejo.org\/wp-content\/uploads\/2026\/07\/mcf.png?resize=150%2C150&amp;ssl=1 150w, https:\/\/i0.wp.com\/lvejo.org\/wp-content\/uploads\/2026\/07\/mcf.png?resize=12%2C12&amp;ssl=1 12w, https:\/\/i0.wp.com\/lvejo.org\/wp-content\/uploads\/2026\/07\/mcf.png?resize=50%2C50&amp;ssl=1 50w\" sizes=\"auto, (max-width: 500px) 100vw, 500px\" data-attachment-id=\"1557\" data-permalink=\"https:\/\/lvejo.org\/es\/2023\/12\/07\/shared-struggle-strengthens-environmental-movement-macarthur-foundation\/mcf\/\" data-orig-file=\"https:\/\/i0.wp.com\/lvejo.org\/wp-content\/uploads\/2026\/07\/mcf.png?fit=500%2C500&amp;ssl=1\" data-orig-size=\"500,500\" data-comments-opened=\"1\" data-image-meta=\"{&quot;aperture&quot;:&quot;0&quot;,&quot;credit&quot;:&quot;&quot;,&quot;camera&quot;:&quot;&quot;,&quot;caption&quot;:&quot;&quot;,&quot;created_timestamp&quot;:&quot;0&quot;,&quot;copyright&quot;:&quot;&quot;,&quot;focal_length&quot;:&quot;0&quot;,&quot;iso&quot;:&quot;0&quot;,&quot;shutter_speed&quot;:&quot;0&quot;,&quot;title&quot;:&quot;&quot;,&quot;orientation&quot;:&quot;0&quot;,&quot;alt&quot;:&quot;&quot;}\" data-image-title=\"mcf\" data-image-description=\"\" data-image-caption=\"\" data-large-file=\"https:\/\/i0.wp.com\/lvejo.org\/wp-content\/uploads\/2026\/07\/mcf.png?fit=500%2C500&amp;ssl=1\" \/><\/a><\/figure>\n\n<h3 class=\"has-link-color post-title-1438 wp-elements-34 wp-block-post-title has-text-color has-custom-ciel-secondario-color has-normal-font-size has-barlow-condensed-font-family\"><a href=\"https:\/\/lvejo.org\/es\/2023\/12\/07\/shared-struggle-strengthens-environmental-movement-macarthur-foundation\/\" target=\"_blank\" >La lucha compartida fortalece el movimiento ambiental \u2013 Fundaci\u00f3n MacArthur<\/a><\/h3>\n\n<div class=\"has-link-color wp-elements-35 wp-block-post-date has-text-color has-custom-ciel-tint-color has-small-font-size\"><time datetime=\"2023-12-07T15:17:15+00:00\">diciembre 7, 2023<\/time><\/div>\n\n\n<div style=\"height:var(--wp--preset--spacing--20)\" aria-hidden=\"true\" class=\"wp-block-spacer\"><\/div>\n<\/div>\n\n<\/li><\/ul><\/div>\n<\/div>\n\n\n\n<div style=\"height:4rem\" aria-hidden=\"true\" class=\"wp-block-spacer\"><\/div>\n\n\n\n<div class=\"wp-block-cover alignfull has-parallax\" style=\"border-bottom-style:none;border-bottom-width:0px;min-height:533px;aspect-ratio:unset;\"><div class=\"wp-block-cover__image-background wp-image-118 size-full has-parallax\" style=\"background-position:50% 50%;background-image:url(https:\/\/lvejo.org\/wp-content\/uploads\/2026\/06\/04.png)\"><\/div><span aria-hidden=\"true\" class=\"wp-block-cover__background has-custom-ciel-background-color has-background-dim-90 has-background-dim\"><\/span><div class=\"wp-block-cover__inner-container is-layout-flow wp-block-cover-is-layout-flow\">\n<div class=\"wp-block-group alignfull is-layout-constrained wp-block-group-is-layout-constrained\" style=\"margin-top:0;margin-bottom:0\">\n<h4 class=\"wp-block-heading alignwide has-custom-ciel-secondario-color has-text-color has-link-color has-extra-large-font-size wp-elements-36\" style=\"padding-top:var(--wp--preset--spacing--50);padding-bottom:var(--wp--preset--spacing--30);padding-left:0\">Looking for <mark style=\"background-color:rgba(0, 0, 0, 0)\" class=\"has-inline-color has-custom-ciel-secondario-color\">more?<\/mark><\/h4>\n\n\n\n<div class=\"wp-block-columns alignwide is-layout-flex wp-container-core-columns-is-layout-e897090b wp-block-columns-is-layout-flex\" style=\"margin-bottom:var(--wp--preset--spacing--60)\">\n<div class=\"wp-block-column is-layout-flow wp-block-column-is-layout-flow\">\n<div style=\"height:1rem\" aria-hidden=\"true\" class=\"wp-block-spacer\"><\/div>\n\n\n\n<figure class=\"wp-block-image aligncenter size-full is-resized animated jackInTheBox wp-duotone-422770-ffffff-11\" style=\"margin-top:var(--wp--preset--spacing--50);margin-bottom:var(--wp--preset--spacing--50)\"><img data-recalc-dims=\"1\" loading=\"lazy\" decoding=\"async\" width=\"512\" height=\"512\" data-attachment-id=\"1796\" data-permalink=\"https:\/\/lvejo.org\/es\/calendar\/\" data-orig-file=\"https:\/\/i0.wp.com\/lvejo.org\/wp-content\/uploads\/2026\/07\/calendar.webp?fit=512%2C512&amp;ssl=1\" data-orig-size=\"512,512\" data-comments-opened=\"1\" data-image-meta=\"{&quot;aperture&quot;:&quot;0&quot;,&quot;credit&quot;:&quot;&quot;,&quot;camera&quot;:&quot;&quot;,&quot;caption&quot;:&quot;&quot;,&quot;created_timestamp&quot;:&quot;0&quot;,&quot;copyright&quot;:&quot;&quot;,&quot;focal_length&quot;:&quot;0&quot;,&quot;iso&quot;:&quot;0&quot;,&quot;shutter_speed&quot;:&quot;0&quot;,&quot;title&quot;:&quot;&quot;,&quot;orientation&quot;:&quot;0&quot;,&quot;alt&quot;:&quot;&quot;}\" data-image-title=\"calendar\" data-image-description=\"\" data-image-caption=\"\" data-large-file=\"https:\/\/i0.wp.com\/lvejo.org\/wp-content\/uploads\/2026\/07\/calendar.webp?fit=512%2C512&amp;ssl=1\" src=\"https:\/\/i0.wp.com\/lvejo.org\/wp-content\/uploads\/2026\/07\/calendar.webp?resize=512%2C512&#038;ssl=1\" alt=\"\" class=\"wp-image-1796\" style=\"width:100px;height:auto\" srcset=\"https:\/\/i0.wp.com\/lvejo.org\/wp-content\/uploads\/2026\/07\/calendar.webp?w=512&amp;ssl=1 512w, https:\/\/i0.wp.com\/lvejo.org\/wp-content\/uploads\/2026\/07\/calendar.webp?resize=300%2C300&amp;ssl=1 300w, https:\/\/i0.wp.com\/lvejo.org\/wp-content\/uploads\/2026\/07\/calendar.webp?resize=150%2C150&amp;ssl=1 150w, https:\/\/i0.wp.com\/lvejo.org\/wp-content\/uploads\/2026\/07\/calendar.webp?resize=12%2C12&amp;ssl=1 12w, https:\/\/i0.wp.com\/lvejo.org\/wp-content\/uploads\/2026\/07\/calendar.webp?resize=50%2C50&amp;ssl=1 50w\" sizes=\"auto, (max-width: 512px) 100vw, 512px\" \/><\/figure>\n\n\n\n<div class=\"wp-block-buttons is-content-justification-center is-layout-flex wp-container-core-buttons-is-layout-5bbd3a95 wp-block-buttons-is-layout-flex\">\n<div class=\"wp-block-button hvr-bob sectionnavbutton\"><a class=\"wp-block-button__link has-custom-ciel-tint-color has-custom-ciel-secondario-background-color has-text-color has-background has-link-color has-normal-font-size has-custom-font-size wp-element-button\" href=\"https:\/\/lvejo.org\/es\/get-involved\/event-calendar\/\">Eventos<\/a><\/div>\n<\/div>\n\n\n\n<div style=\"height:1rem\" aria-hidden=\"true\" class=\"wp-block-spacer\"><\/div>\n<\/div>\n\n\n\n<div class=\"wp-block-column is-layout-flow wp-block-column-is-layout-flow\">\n<div style=\"height:1rem\" aria-hidden=\"true\" class=\"wp-block-spacer\"><\/div>\n\n\n\n<figure class=\"wp-block-image aligncenter size-full is-resized animated jackInTheBox wp-duotone-422770-ffffff-12\" style=\"margin-top:var(--wp--preset--spacing--50);margin-bottom:var(--wp--preset--spacing--50)\"><img data-recalc-dims=\"1\" loading=\"lazy\" decoding=\"async\" width=\"512\" height=\"512\" data-attachment-id=\"1730\" data-permalink=\"https:\/\/lvejo.org\/es\/sneaker\/\" data-orig-file=\"https:\/\/i0.wp.com\/lvejo.org\/wp-content\/uploads\/2026\/07\/sneaker.webp?fit=512%2C512&amp;ssl=1\" data-orig-size=\"512,512\" data-comments-opened=\"1\" data-image-meta=\"{&quot;aperture&quot;:&quot;0&quot;,&quot;credit&quot;:&quot;&quot;,&quot;camera&quot;:&quot;&quot;,&quot;caption&quot;:&quot;&quot;,&quot;created_timestamp&quot;:&quot;0&quot;,&quot;copyright&quot;:&quot;&quot;,&quot;focal_length&quot;:&quot;0&quot;,&quot;iso&quot;:&quot;0&quot;,&quot;shutter_speed&quot;:&quot;0&quot;,&quot;title&quot;:&quot;&quot;,&quot;orientation&quot;:&quot;0&quot;,&quot;alt&quot;:&quot;&quot;}\" data-image-title=\"sneaker\" data-image-description=\"\" data-image-caption=\"\" data-large-file=\"https:\/\/i0.wp.com\/lvejo.org\/wp-content\/uploads\/2026\/07\/sneaker.webp?fit=512%2C512&amp;ssl=1\" src=\"https:\/\/i0.wp.com\/lvejo.org\/wp-content\/uploads\/2026\/07\/sneaker.webp?resize=512%2C512&#038;ssl=1\" alt=\"\" class=\"wp-image-1730\" style=\"width:100px;height:auto\" srcset=\"https:\/\/i0.wp.com\/lvejo.org\/wp-content\/uploads\/2026\/07\/sneaker.webp?w=512&amp;ssl=1 512w, https:\/\/i0.wp.com\/lvejo.org\/wp-content\/uploads\/2026\/07\/sneaker.webp?resize=300%2C300&amp;ssl=1 300w, https:\/\/i0.wp.com\/lvejo.org\/wp-content\/uploads\/2026\/07\/sneaker.webp?resize=150%2C150&amp;ssl=1 150w, https:\/\/i0.wp.com\/lvejo.org\/wp-content\/uploads\/2026\/07\/sneaker.webp?resize=12%2C12&amp;ssl=1 12w, https:\/\/i0.wp.com\/lvejo.org\/wp-content\/uploads\/2026\/07\/sneaker.webp?resize=50%2C50&amp;ssl=1 50w\" sizes=\"auto, (max-width: 512px) 100vw, 512px\" \/><\/figure>\n\n\n\n<div class=\"wp-block-buttons is-content-justification-center is-layout-flex wp-container-core-buttons-is-layout-5bbd3a95 wp-block-buttons-is-layout-flex\">\n<div class=\"wp-block-button hvr-bob sectionnavbutton\"><a class=\"wp-block-button__link has-custom-ciel-tint-color has-custom-ciel-secondario-background-color has-text-color has-background has-link-color has-normal-font-size has-custom-font-size wp-element-button\" href=\"https:\/\/lvejo.org\/es\/get-involved\/run-with-lvejo\/\">Corre con Lvejo<\/a><\/div>\n<\/div>\n\n\n\n<div style=\"height:1rem\" aria-hidden=\"true\" class=\"wp-block-spacer\"><\/div>\n<\/div>\n\n\n\n<div class=\"wp-block-column is-vertically-aligned-center is-layout-flow wp-container-core-column-is-layout-6296505d wp-block-column-is-layout-flow\" style=\"padding-left:0\">\n<div style=\"height:1rem\" aria-hidden=\"true\" class=\"wp-block-spacer\"><\/div>\n\n\n\n<div class=\"wp-block-group is-layout-constrained wp-block-group-is-layout-constrained\">\n<figure class=\"wp-block-image aligncenter size-full is-resized animated jackInTheBox wp-duotone-422770-ffffff-13\" style=\"margin-top:var(--wp--preset--spacing--50);margin-bottom:var(--wp--preset--spacing--50)\"><img data-recalc-dims=\"1\" loading=\"lazy\" decoding=\"async\" width=\"512\" height=\"512\" data-attachment-id=\"1728\" data-permalink=\"https:\/\/lvejo.org\/es\/nuclear-power\/\" data-orig-file=\"https:\/\/i0.wp.com\/lvejo.org\/wp-content\/uploads\/2026\/07\/nuclear-power.webp?fit=512%2C512&amp;ssl=1\" data-orig-size=\"512,512\" data-comments-opened=\"1\" data-image-meta=\"{&quot;aperture&quot;:&quot;0&quot;,&quot;credit&quot;:&quot;&quot;,&quot;camera&quot;:&quot;&quot;,&quot;caption&quot;:&quot;&quot;,&quot;created_timestamp&quot;:&quot;0&quot;,&quot;copyright&quot;:&quot;&quot;,&quot;focal_length&quot;:&quot;0&quot;,&quot;iso&quot;:&quot;0&quot;,&quot;shutter_speed&quot;:&quot;0&quot;,&quot;title&quot;:&quot;&quot;,&quot;orientation&quot;:&quot;0&quot;,&quot;alt&quot;:&quot;&quot;}\" data-image-title=\"nuclear-power\" data-image-description=\"\" data-image-caption=\"\" data-large-file=\"https:\/\/i0.wp.com\/lvejo.org\/wp-content\/uploads\/2026\/07\/nuclear-power.webp?fit=512%2C512&amp;ssl=1\" src=\"https:\/\/i0.wp.com\/lvejo.org\/wp-content\/uploads\/2026\/07\/nuclear-power.webp?resize=512%2C512&#038;ssl=1\" alt=\"\" class=\"wp-image-1728\" style=\"width:100px;height:auto\" srcset=\"https:\/\/i0.wp.com\/lvejo.org\/wp-content\/uploads\/2026\/07\/nuclear-power.webp?w=512&amp;ssl=1 512w, https:\/\/i0.wp.com\/lvejo.org\/wp-content\/uploads\/2026\/07\/nuclear-power.webp?resize=300%2C300&amp;ssl=1 300w, https:\/\/i0.wp.com\/lvejo.org\/wp-content\/uploads\/2026\/07\/nuclear-power.webp?resize=150%2C150&amp;ssl=1 150w, https:\/\/i0.wp.com\/lvejo.org\/wp-content\/uploads\/2026\/07\/nuclear-power.webp?resize=12%2C12&amp;ssl=1 12w, https:\/\/i0.wp.com\/lvejo.org\/wp-content\/uploads\/2026\/07\/nuclear-power.webp?resize=50%2C50&amp;ssl=1 50w\" sizes=\"auto, (max-width: 512px) 100vw, 512px\" \/><\/figure>\n\n\n\n<div class=\"wp-block-buttons is-content-justification-center is-layout-flex wp-container-core-buttons-is-layout-a02330ba wp-block-buttons-is-layout-flex\" style=\"margin-top:0;margin-bottom:0;padding-right:0;padding-left:0\">\n<div class=\"wp-block-button hvr-bob sectionnavbutton\"><a class=\"wp-block-button__link has-custom-ciel-tint-color has-custom-ciel-secondario-background-color has-text-color has-background has-link-color has-normal-font-size has-custom-font-size wp-element-button\" href=\"https:\/\/lvejo.org\/es\/get-involved\/toxic-tours\/\">Recorridos por zonas t\u00f3xicas<\/a><\/div>\n<\/div>\n<\/div>\n\n\n\n<div style=\"height:1rem\" aria-hidden=\"true\" class=\"wp-block-spacer\"><\/div>\n<\/div>\n\n\n\n<div class=\"wp-block-column is-layout-flow wp-block-column-is-layout-flow\">\n<div style=\"height:1rem\" aria-hidden=\"true\" class=\"wp-block-spacer\"><\/div>\n\n\n\n<figure class=\"wp-block-image aligncenter size-full is-resized animated jackInTheBox wp-duotone-422770-ffffff-14\" style=\"margin-top:var(--wp--preset--spacing--50);margin-bottom:var(--wp--preset--spacing--50)\"><img data-recalc-dims=\"1\" loading=\"lazy\" decoding=\"async\" width=\"512\" height=\"512\" data-attachment-id=\"1724\" data-permalink=\"https:\/\/lvejo.org\/es\/help\/\" data-orig-file=\"https:\/\/i0.wp.com\/lvejo.org\/wp-content\/uploads\/2026\/07\/help.webp?fit=512%2C512&amp;ssl=1\" data-orig-size=\"512,512\" data-comments-opened=\"1\" data-image-meta=\"{&quot;aperture&quot;:&quot;0&quot;,&quot;credit&quot;:&quot;&quot;,&quot;camera&quot;:&quot;&quot;,&quot;caption&quot;:&quot;&quot;,&quot;created_timestamp&quot;:&quot;0&quot;,&quot;copyright&quot;:&quot;&quot;,&quot;focal_length&quot;:&quot;0&quot;,&quot;iso&quot;:&quot;0&quot;,&quot;shutter_speed&quot;:&quot;0&quot;,&quot;title&quot;:&quot;&quot;,&quot;orientation&quot;:&quot;0&quot;,&quot;alt&quot;:&quot;&quot;}\" data-image-title=\"help\" data-image-description=\"\" data-image-caption=\"\" data-large-file=\"https:\/\/i0.wp.com\/lvejo.org\/wp-content\/uploads\/2026\/07\/help.webp?fit=512%2C512&amp;ssl=1\" src=\"https:\/\/i0.wp.com\/lvejo.org\/wp-content\/uploads\/2026\/07\/help.webp?resize=512%2C512&#038;ssl=1\" alt=\"\" class=\"wp-image-1724\" style=\"width:100px;height:auto\" srcset=\"https:\/\/i0.wp.com\/lvejo.org\/wp-content\/uploads\/2026\/07\/help.webp?w=512&amp;ssl=1 512w, https:\/\/i0.wp.com\/lvejo.org\/wp-content\/uploads\/2026\/07\/help.webp?resize=300%2C300&amp;ssl=1 300w, https:\/\/i0.wp.com\/lvejo.org\/wp-content\/uploads\/2026\/07\/help.webp?resize=150%2C150&amp;ssl=1 150w, https:\/\/i0.wp.com\/lvejo.org\/wp-content\/uploads\/2026\/07\/help.webp?resize=12%2C12&amp;ssl=1 12w, https:\/\/i0.wp.com\/lvejo.org\/wp-content\/uploads\/2026\/07\/help.webp?resize=50%2C50&amp;ssl=1 50w\" sizes=\"auto, (max-width: 512px) 100vw, 512px\" \/><\/figure>\n\n\n\n<div class=\"wp-block-buttons is-content-justification-center is-layout-flex wp-container-core-buttons-is-layout-5bbd3a95 wp-block-buttons-is-layout-flex\">\n<div class=\"wp-block-button hvr-bob sectionnavbutton\"><a class=\"wp-block-button__link has-custom-ciel-tint-color has-custom-ciel-secondario-background-color has-text-color has-background has-link-color has-normal-font-size has-custom-font-size wp-element-button\" href=\"https:\/\/lvejo.org\/es\/get-involved\/volunteer\/\">Voluntaria<\/a><\/div>\n<\/div>\n\n\n\n<div style=\"height:1rem\" aria-hidden=\"true\" class=\"wp-block-spacer\"><\/div>\n<\/div>\n<\/div>\n<\/div>\n<\/div><\/div>","protected":false},"excerpt":{"rendered":"<p>This is the excerpt section, where you can give users the main summary of what this page is about. Try to keep it brief \u2013 no more than three sentences. Unlike other content blocks, this text will be edited in the Page settings of the Site Editor. <\/p>","protected":false},"author":211220751,"featured_media":176,"parent":7,"menu_order":0,"comment_status":"closed","ping_status":"closed","template":"child-page","meta":{"advanced_seo_description":"","jetpack_seo_html_title":"","jetpack_seo_noindex":false,"jetpack_seo_schema_type":"","_wpcom_ai_launchpad_about_page":false,"_wpcom_ai_launchpad_gallery_page":false,"_wpcom_ai_launchpad_contact_page":false,"_wpcom_ai_launchpad_events_page":false,"_wpcom_ai_launchpad_video_page":false,"_wpcom_ai_launchpad_portfolio_piece":false,"footnotes":""},"class_list":["post-1438","page","type-page","status-publish","has-post-thumbnail","hentry"],"jetpack_sharing_enabled":true,"jetpack_shortlink":"https:\/\/wp.me\/PhhFFT-nc","jetpack-related-posts":[],"_links":{"self":[{"href":"https:\/\/lvejo.org\/es\/wp-json\/wp\/v2\/pages\/1438","targetHints":{"allow":["GET"]}}],"collection":[{"href":"https:\/\/lvejo.org\/es\/wp-json\/wp\/v2\/pages"}],"about":[{"href":"https:\/\/lvejo.org\/es\/wp-json\/wp\/v2\/types\/page"}],"author":[{"embeddable":true,"href":"https:\/\/lvejo.org\/es\/wp-json\/wp\/v2\/users\/211220751"}],"replies":[{"embeddable":true,"href":"https:\/\/lvejo.org\/es\/wp-json\/wp\/v2\/comments?post=1438"}],"version-history":[{"count":25,"href":"https:\/\/lvejo.org\/es\/wp-json\/wp\/v2\/pages\/1438\/revisions"}],"predecessor-version":[{"id":2036,"href":"https:\/\/lvejo.org\/es\/wp-json\/wp\/v2\/pages\/1438\/revisions\/2036"}],"up":[{"embeddable":true,"href":"https:\/\/lvejo.org\/es\/wp-json\/wp\/v2\/pages\/7"}],"wp:featuredmedia":[{"embeddable":true,"href":"https:\/\/lvejo.org\/es\/wp-json\/wp\/v2\/media\/176"}],"wp:attachment":[{"href":"https:\/\/lvejo.org\/es\/wp-json\/wp\/v2\/media?parent=1438"}],"curies":[{"name":"wp","href":"https:\/\/api.w.org\/{rel}","templated":true}]}}